{"id":2692,"date":"2020-11-08T10:53:25","date_gmt":"2020-11-08T10:53:25","guid":{"rendered":"https:\/\/airplastic.es\/?page_id=2692"},"modified":"2020-11-08T18:27:59","modified_gmt":"2020-11-08T18:27:59","slug":"foam","status":"publish","type":"page","link":"https:\/\/airplastic.es\/fr\/foam\/","title":{"rendered":"FOAM"},"content":{"rendered":"<p>[vc_row css=\u00a0\u00bb.vc_custom_1453476243999{margin-bottom: 15px !important;}\u00a0\u00bb][vc_column width=\u00a0\u00bb1\/2&Prime;][vc_single_image image=\u00a0\u00bb2805&Prime; img_size=\u00a0\u00bbfull\u00a0\u00bb onclick=\u00a0\u00bblink_image\u00a0\u00bb][\/vc_column][vc_column width=\u00a0\u00bb1\/2&Prime;][vc_custom_heading text=\u00a0\u00bbFOAM EN BOBINE\u00a0\u00bb use_theme_fonts=\u00a0\u00bbyes\u00a0\u00bb el_class=\u00a0\u00bbtitle\u00a0\u00bb][vc_column_text]Bobine de mousse de poly\u00e9thyl\u00e8ne expans\u00e9 de faible densit\u00e9 \u00e0 cellule ferm\u00e9e, grande vari\u00e9t\u00e9 d\u2019\u00e9paisseurs et de dimensions. Tr\u00e8s utilis\u00e9e en sachet et format en raison de sa l\u00e9g\u00e8ret\u00e9 et de sa flexibilit\u00e9.[\/vc_column_text][\/vc_column][vc_column][vc_empty_space][vc_separator el_width=\u00a0\u00bb60&Prime;][\/vc_column][\/vc_row][vc_row css=\u00a0\u00bb.vc_custom_1453476243999{margin-bottom: 15px !important;}\u00a0\u00bb][vc_column width=\u00a0\u00bb1\/2&Prime;][vc_single_image image=\u00a0\u00bb2806&Prime; img_size=\u00a0\u00bbfull\u00a0\u00bb onclick=\u00a0\u00bblink_image\u00a0\u00bb][\/vc_column][vc_column width=\u00a0\u00bb1\/2&Prime;][vc_custom_heading text=\u00a0\u00bbFOAM + FEUILLE\u00a0\u00bb use_theme_fonts=\u00a0\u00bbyes\u00a0\u00bb el_class=\u00a0\u00bbtitle\u00a0\u00bb][vc_column_text]Bobine de foam recouverte d\u2019une feuille \u00e0 haute densit\u00e9 avec pan qui est utilis\u00e9e comme isolant dans l\u2019installation du parquet.[\/vc_column_text][\/vc_column][\/vc_row]<\/p>\n","protected":false},"excerpt":{"rendered":"<p>[vc_row css=\u00a0\u00bb.vc_custom_1453476243999{margin-bottom: 15px !important;}\u00a0\u00bb][vc_column width=\u00a0\u00bb1\/2&Prime;][vc_single_image image=\u00a0\u00bb2805&Prime; img_size=\u00a0\u00bbfull\u00a0\u00bb onclick=\u00a0\u00bblink_image\u00a0\u00bb][\/vc_column][vc_column width=\u00a0\u00bb1\/2&Prime;][vc_custom_heading text=\u00a0\u00bbFOAM EN BOBINE\u00a0\u00bb use_theme_fonts=\u00a0\u00bbyes\u00a0\u00bb el_class=\u00a0\u00bbtitle\u00a0\u00bb][vc_column_text]Bobine de mousse de poly\u00e9thyl\u00e8ne expans\u00e9 de faible densit\u00e9 \u00e0 cellule ferm\u00e9e, grande vari\u00e9t\u00e9 d\u2019\u00e9paisseurs et de dimensions. Tr\u00e8s utilis\u00e9e en sachet et format en raison de &hellip;<\/p>\n","protected":false},"author":1,"featured_media":0,"parent":0,"menu_order":0,"comment_status":"closed","ping_status":"closed","template":"","meta":[],"_links":{"self":[{"href":"https:\/\/airplastic.es\/fr\/wp-json\/wp\/v2\/pages\/2692"}],"collection":[{"href":"https:\/\/airplastic.es\/fr\/wp-json\/wp\/v2\/pages"}],"about":[{"href":"https:\/\/airplastic.es\/fr\/wp-json\/wp\/v2\/types\/page"}],"author":[{"embeddable":true,"href":"https:\/\/airplastic.es\/fr\/wp-json\/wp\/v2\/users\/1"}],"replies":[{"embeddable":true,"href":"https:\/\/airplastic.es\/fr\/wp-json\/wp\/v2\/comments?post=2692"}],"version-history":[{"count":6,"href":"https:\/\/airplastic.es\/fr\/wp-json\/wp\/v2\/pages\/2692\/revisions"}],"predecessor-version":[{"id":3027,"href":"https:\/\/airplastic.es\/fr\/wp-json\/wp\/v2\/pages\/2692\/revisions\/3027"}],"wp:attachment":[{"href":"https:\/\/airplastic.es\/fr\/wp-json\/wp\/v2\/media?parent=2692"}],"curies":[{"name":"wp","href":"https:\/\/api.w.org\/{rel}","templated":true}]}}